{"id":9437,"date":"2017-08-23T16:36:37","date_gmt":"2017-08-23T14:36:37","guid":{"rendered":"http:\/\/172.16.1.100\/mpfef?page_id=9437"},"modified":"2017-08-23T16:36:37","modified_gmt":"2017-08-23T14:36:37","slug":"padap","status":"publish","type":"page","link":"http:\/\/mpfef.gouv.ml\/index.php\/padap\/","title":{"rendered":"PADAP"},"content":{"rendered":"<p><b><em>Direction Nationale de l\u2019Agriculture<\/em><\/b><\/p>\n<p><strong><b><em>PROJET D\u2019APPUI AU DEVELOPPEMENT DES ACTIVITES MARAICHERES PERIURBAINES A SAMANKO (PADAP)<\/em><\/b><\/strong><\/p>\n<p><b><em>DESCRIPTION DU PROJET: RNP 1976 PADAP.<\/em><\/b><\/p>\n<p><strong><b><em>Adresse du projet :\u00a0<\/em><\/b><\/strong>BP 1098, Bamako, S\/C DNA T\u00e9l : 20 22 28 77 \/ 20 22 40 36<\/p>\n<p>Email :\u00a0<a href=\"mailto:sidibeseydou2007@yahoo.fr\">sidibeseydou2007@yahoo.fr<\/a><\/p>\n<p><strong><b><em>Zones d\u2019intervention:\u00a0<\/em><\/b><\/strong>R\u00e9gion de Koulikoro, cercle de Kati<\/p>\n<p><strong><b><em>Secteur et Sous-secteur :\u00a0<\/em><\/b><\/strong>Economie rurale\/Agriculture<\/p>\n<p><strong><b><em>Bailleurs :\u00a0<\/em><\/b><\/strong>Coop\u00e9ration belge et GRM<\/p>\n<p><strong><b><em>Co\u00fbt total :\u00a0<\/em><\/b><\/strong>1 734 millions de F CFA<\/p>\n<p><strong><b><em>Nature du financement :\u00a0<\/em><\/b><\/strong>Subvention et Budget national<\/p>\n<p><strong><b><em>Modalit\u00e9 d\u2019appui :\u00a0<\/em><\/b><\/strong>Aide projet<\/p>\n<p><strong><b><em>Dur\u00e9e du Projet:\u00a0<\/em><\/b><\/strong>6 ans (2005-2010)<\/p>\n<p><strong><b><em>Logique d\u2019intervention du projet :<\/em><\/b><\/strong><\/p>\n<p>Les b\u00e9n\u00e9ficiaires vis\u00e9s par ce projet sont les mara\u00eechers p\u00e9riurbains qui ont \u00e9t\u00e9 victimes de d\u00e9guerpissement et \u00e0 la disposition desquels les autorit\u00e9s ont octroy\u00e9 un terrain d\u2019une superficie de 100 ha \u00e0 Samanko. L\u2019objectif global est donc de contribuer \u00e0 la s\u00e9curit\u00e9 alimentaire et \u00e0 la lutte contre la pauvret\u00e9 de la population de Bamako. Plus sp\u00e9cifiquement, il vise le d\u00e9veloppement des activit\u00e9s mara\u00eech\u00e8res p\u00e9riurbaines de Bamako dans une approche fili\u00e8re et d\u2019une int\u00e9gration des acteurs dans un espace viable et durable. Le projet compte trois r\u00e9sultats, correspondant aux trois grands axes strat\u00e9giques :<\/p>\n<ol>\n<li>Un syst\u00e8me d\u2019am\u00e9nagement intensif moderne du site mara\u00eecher de Samanko est introduit sur 40 ha.<\/li>\n<li>Les producteurs organis\u00e9s ont acquis les capacit\u00e9s d\u2019am\u00e9liorer le fonctionnement, l\u2019organisation et la gestion du p\u00e9rim\u00e8tre am\u00e9nag\u00e9.<\/li>\n<li>La fili\u00e8re mara\u00eech\u00e8re de Samanko est consolid\u00e9e \u00e0 travers les services d\u2019appui des organisations partenaires.<\/li>\n<\/ol>\n<p><strong><b><em>Proc\u00e9dures utilis\u00e9es pour le financement international:\u00a0<\/em><\/b><\/strong>Proc\u00e9dures du bailleur et nationales<\/p>\n<p><strong><b><em>Type d\u2019unit\u00e9 de gestion de projet :\u00a0<\/em><\/b><\/strong>Unit\u00e9 de gestion int\u00e9gr\u00e9e dans l\u2019administration<\/p>\n<p><b><em>ETAT D\u2019AVANCEMENT DU PROJET :<\/em><\/b><\/p>\n<p><strong><b><em>Dates :\u00a0<\/em><\/b><\/strong>Date de signature de la convention sp\u00e9cifique : 18\/12\/2006<\/p>\n<p>Date de d\u00e9marrage pr\u00e9vue : Octobre 2008<\/p>\n<p><strong><b><em>Situation d\u2019ex\u00e9cution des principales r\u00e9alisations physiques au 31\/12\/2009 :<\/em><\/b><\/strong><\/p>\n<table width=\"417\">\n<tbody>\n<tr>\n<td width=\"160\"><strong><b><em>Nature<\/em><\/b><\/strong><\/td>\n<td width=\"74\"><strong><b><em>Unit\u00e9<\/em><\/b><\/strong><\/td>\n<td width=\"85\"><strong><b><em>Niveau cible<\/em><\/b><\/strong><\/td>\n<td width=\"113\"><strong><b><em>R\u00e9alisations cumul\u00e9es<\/em><\/b><\/strong><\/td>\n<\/tr>\n<tr>\n<td width=\"160\">Investissements en infrastructures et \u00e9quipement pour l\u2019appui \u00e0 la production :<\/p>\n<p>&#8211; Bornage<\/p>\n<p>&#8211; Ch\u00e2teaux d\u2019eau de 50 m3<\/p>\n<p>&#8211; Pompes immerg\u00e9es avec g\u00e9n\u00e9rateur photovolta\u00efque<\/p>\n<p>&#8211; Pi\u00e9zom\u00e8tre pour le suivi de la nappe<\/p>\n<p>&#8211; Nouveaux forages<\/p>\n<p>&#8211; Kit de tuyaux goutte \u00e0 goutte<\/p>\n<p>&#8211; Raccords, filtres, compteurs et petits r\u00e9servoirs<\/p>\n<p>&#8211; V\u00e9hicule<\/p>\n<p>&nbsp;<\/td>\n<td width=\"74\">Ha<\/p>\n<p>Nbre<\/p>\n<p>Nbre<\/p>\n<p>Nbre<\/p>\n<p>Nbre<\/p>\n<p>ha<\/p>\n<p>Nbre expl<\/p>\n<p>Nbre<\/td>\n<td width=\"85\">100<\/p>\n<p>8<\/p>\n<p>8<\/p>\n<p>3<\/p>\n<p>13<\/p>\n<p>40<\/p>\n<p>160<\/p>\n<p>1<\/td>\n<td width=\"113\">100<\/p>\n<p>0<\/p>\n<p>0<\/p>\n<p>0<\/p>\n<p>10<\/p>\n<p>0<\/p>\n<p>0<\/p>\n<p>1<\/td>\n<\/tr>\n<tr>\n<td width=\"160\">Investissement dans l\u2019infrastructure bord champs :<\/p>\n<p>&#8211; Magasin de tri et conditionnement<\/p>\n<p>&#8211; Fosses fumi\u00e8res<\/p>\n<p>&nbsp;<\/td>\n<td width=\"74\">m2<\/p>\n<p>Nbre<\/td>\n<td width=\"85\">175<\/p>\n<p>160<\/td>\n<td width=\"113\">0<\/p>\n<p>0<\/td>\n<\/tr>\n<\/tbody>\n<\/table>\n<p><strong><b><em>Commentaires et observations :\u00a0<\/em><\/b><\/strong>Les travaux de cl\u00f4ture en parpaing du domaine financ\u00e9 sur BSI en vue de s\u00e9curiser les investissements sont \u00e0 un niveau tr\u00e8s avanc\u00e9s. La poursuite des travaux d\u2019infrastructures et d\u2019\u00e9quipement \u00e9tait conditionn\u00e9e \u00e0 la r\u00e9alisation de cette cl\u00f4ture.<\/p>\n<p><strong><b><em>Sources de financement<\/em><\/b><\/strong><\/p>\n<table width=\"408\">\n<tbody>\n<tr>\n<td width=\"161\"><\/td>\n<td width=\"102\"><strong><b><em>Financements acquis<\/em><\/b><\/strong><\/p>\n<p><strong>millions F CFA<\/strong><\/td>\n<td width=\"104\"><strong><b><em>Cumul des d\u00e9caissements<\/em><\/b><\/strong><\/p>\n<p><strong>millions F CFA<\/strong><\/td>\n<td width=\"85\"><strong><b><em>Taux de d\u00e9caissement<\/em><\/b><\/strong><\/p>\n<p><strong><b><em>(en %)<\/em><\/b><\/strong><\/td>\n<\/tr>\n<tr>\n<td width=\"161\"><strong><b><em>Financement int\u00e9rieur :<\/em><\/b><\/strong><\/p>\n<p><strong><b><em>Budget national :<\/em><\/b><\/strong><\/p>\n<p>&#8211; Equipement \u2013 investissement PPTE :<\/p>\n<p><strong><b><em>Autofinancement :<\/em><\/b><\/strong><\/p>\n<p><strong><b><em>Autres (populations\/collectivit\u00e9s)<\/em><\/b><\/strong><\/td>\n<td width=\"102\">630<\/td>\n<td width=\"104\">430<\/td>\n<td width=\"85\">68<\/td>\n<\/tr>\n<tr>\n<td width=\"161\"><strong><b><em>Total financement int\u00e9rieur<\/em><\/b><\/strong><\/td>\n<td width=\"102\"><strong><b><em>630<\/em><\/b><\/strong><\/td>\n<td width=\"104\"><strong><b><em>430<\/em><\/b><\/strong><\/td>\n<td width=\"85\"><strong><b><em>68 %<\/em><\/b><\/strong><\/td>\n<\/tr>\n<tr>\n<td width=\"161\"><strong><b><em>Financement ext\u00e9rieur :<\/em><\/b><\/strong><\/p>\n<p>&#8211; Coop\u00e9ration belge<\/td>\n<td width=\"102\">1 104<\/td>\n<td width=\"104\">27<\/td>\n<td width=\"85\">2<\/td>\n<\/tr>\n<tr>\n<td width=\"161\"><strong><b><em>Total financement ext\u00e9rieur<\/em><\/b><\/strong><\/td>\n<td width=\"102\"><strong><b><em>1 734<\/em><\/b><\/strong><\/td>\n<td width=\"104\"><strong><b><em>27<\/em><\/b><\/strong><\/td>\n<td width=\"85\"><strong><b><em>2 %<\/em><\/b><\/strong><\/td>\n<\/tr>\n<tr>\n<td width=\"161\"><strong><b><em>TOTAL DES FINANCEMENTS<\/em><\/b><\/strong><\/td>\n<td width=\"102\"><strong><b><em>1 734<\/em><\/b><\/strong><\/td>\n<td width=\"104\"><strong><b><em>457<\/em><\/b><\/strong><\/td>\n<td width=\"85\"><strong><b><em>26 %<\/em><\/b><\/strong><\/td>\n<\/tr>\n<\/tbody>\n<\/table>\n<p><strong><b><em>Situation d\u2019ex\u00e9cution financi\u00e8re au 31\/12\/2009:\u00a0<\/em><\/b><\/strong><b><em>source PADAP.<\/em><\/b><\/p>\n<p><strong><b><em>Contribution directe du Projet\/Programme \u00e0 la r\u00e9duction de la pauvret\u00e9 :<\/em><\/b><\/strong><\/p>\n<p>Le projet PADAP est conduit pour r\u00e9pondre aux soucis exprim\u00e9s par les autorit\u00e9s maliennes et les organisations paysannes en regard des graves probl\u00e8mes d\u2019envahissement par des constructions urbaines de sites mara\u00eechers et de la chute progressive de l\u2019activit\u00e9 mara\u00eech\u00e8re dans la ville de Bamako. Ce projet permettra donc d\u2019att\u00e9nuer la pr\u00e9carit\u00e9 des exploitations urbaines employant pr\u00e8s de 8 500 personnes, dont un tiers de femmes. L&rsquo;ensemble des interventions du projet est programm\u00e9 pour se terminer dans le deuxi\u00e8me semestre 2010.<\/p>\n","protected":false},"excerpt":{"rendered":"<p><em>Direction Nationale de l\u2019Agriculture<\/em><\/p>\n<p><em>PROJET D\u2019APPUI AU DEVELOPPEMENT DES ACTIVITES MARAICHERES PERIURBAINES A SAMANKO (PADAP)<\/em><\/p>\n<p><em>DESCRIPTION DU PROJET: RNP 1976 PADAP.<\/em><\/p>\n<p><em>Adresse du projet :\u00a0<\/em>BP 1098, Bamako, S\/C DNA T\u00e9l : 20 22 28 77 \/ 20 22 40 36<\/p>\n<p>Email :\u00a0<a href=\"mailto:sidibeseydou2007@yahoo.fr\">sidibeseydou2007@yahoo.fr<\/a><\/p>\n<p><em>Zones d\u2019intervention:\u00a0<\/em>R\u00e9gion de Koulikoro,<\/p>\n","protected":false},"author":2,"featured_media":0,"parent":0,"menu_order":0,"comment_status":"closed","ping_status":"closed","template":"","meta":{"_monsterinsights_skip_tracking":false,"_monsterinsights_sitenote_active":false,"_monsterinsights_sitenote_note":"","_monsterinsights_sitenote_category":0,"footnotes":""},"class_list":["post-9437","page","type-page","status-publish","hentry"],"aioseo_notices":[],"_links":{"self":[{"href":"http:\/\/mpfef.gouv.ml\/index.php\/wp-json\/wp\/v2\/pages\/9437","targetHints":{"allow":["GET"]}}],"collection":[{"href":"http:\/\/mpfef.gouv.ml\/index.php\/wp-json\/wp\/v2\/pages"}],"about":[{"href":"http:\/\/mpfef.gouv.ml\/index.php\/wp-json\/wp\/v2\/types\/page"}],"author":[{"embeddable":true,"href":"http:\/\/mpfef.gouv.ml\/index.php\/wp-json\/wp\/v2\/users\/2"}],"replies":[{"embeddable":true,"href":"http:\/\/mpfef.gouv.ml\/index.php\/wp-json\/wp\/v2\/comments?post=9437"}],"version-history":[{"count":1,"href":"http:\/\/mpfef.gouv.ml\/index.php\/wp-json\/wp\/v2\/pages\/9437\/revisions"}],"predecessor-version":[{"id":9439,"href":"http:\/\/mpfef.gouv.ml\/index.php\/wp-json\/wp\/v2\/pages\/9437\/revisions\/9439"}],"wp:attachment":[{"href":"http:\/\/mpfef.gouv.ml\/index.php\/wp-json\/wp\/v2\/media?parent=9437"}],"curies":[{"name":"wp","href":"https:\/\/api.w.org\/{rel}","templated":true}]}}