{"id":9340,"date":"2017-08-23T13:57:03","date_gmt":"2017-08-23T11:57:03","guid":{"rendered":"http:\/\/172.16.1.100\/mpfef?page_id=9340"},"modified":"2017-08-25T13:14:02","modified_gmt":"2017-08-25T11:14:02","slug":"vision","status":"publish","type":"page","link":"https:\/\/mpfef.gouv.ml\/index.php\/vision\/","title":{"rendered":"Vision"},"content":{"rendered":"<h2 style=\"text-align: center;\">vision<\/h2>\n<p>Le pilotage et la gestion du secteur Agricole dans le contexte actuel sont assur\u00e9s au moyen de plus de 25 documents de politiques et strat\u00e9gies sous sectorielles et de plusieurs autres strat\u00e9gies sectorielles (sant\u00e9, \u00e9ducation, etc.). Cette diversit\u00e9 d\u2019instruments et le besoin de coh\u00e9rence dans la conduite des politiques publiques militent en faveur d\u2019une approche int\u00e9gr\u00e9e, coordonn\u00e9e et concert\u00e9e.<\/p>\n<p>Ainsi, en application des directives de la LOA, se fondant sur les enseignements tir\u00e9s de la mise en \u0153uvre des politiques pass\u00e9es et en cours, il appara\u00eet n\u00e9cessaire de doter le secteur d\u2019un outil de gouvernance par l\u2019\u00e9laboration d\u2019un document de Politique Agricole servant de<\/p>\n<p>cadre unique de r\u00e9f\u00e9rence pour toutes les politiques et strat\u00e9gies sous sectorielles.<\/p>\n<p>La Politique de D\u00e9veloppement Agricole (PDA) prend en compte les nouvelles donnes des contextes national, r\u00e9gional et international en vue de r\u00e9pondre aux attentes l\u00e9gitimes du monde rural et de la nation malienne dans son ensemble.<\/p>\n<p><strong>Objectifs de la PDA<\/strong><\/p>\n<p>Les objectifs assign\u00e9s \u00e0 la PDA s\u2019inscrivent en droite ligne des directives de la LOA et prennent en compte les grands d\u00e9fis et enjeux auxquels l\u2019Agriculture malienne est confront\u00e9e aujourd\u2019hui. Ils traduisent la vision de demain.<\/p>\n<p><strong>But de la PDA<\/strong><\/p>\n<p>La Politique de D\u00e9veloppement Agricole a pour but de promouvoir une agriculture durable, moderne et comp\u00e9titive reposant, prioritairement sur les exploitations familiales Agricoles reconnues, s\u00e9curis\u00e9es, \u00e0 travers la valorisation maximale du potentiel agro-\u00e9cologique et des savoir-faire Agricoles du pays et la cr\u00e9ation d\u2019un environnement propice au d\u00e9veloppement d\u2019un secteur Agricole structur\u00e9. Elle vise \u00e0 garantir la souverainet\u00e9 alimentaire et \u00e0 faire du secteur Agricole le moteur de l\u2019\u00e9conomie nationale en vue d\u2019assurer le bien-\u00eatre des populations.<\/p>\n<p><strong>Objectifs<\/strong><\/p>\n<p>La Politique de D\u00e9veloppement Agricole a pour objectifs g\u00e9n\u00e9raux:<\/p>\n<ol>\n<li>la promotion \u00e9conomique et sociale des femmes, des jeunes et des hommes en milieu rural et p\u00e9riurbain ;<\/li>\n<li>la souverainet\u00e9 et la s\u00e9curit\u00e9 alimentaires du pays ;<\/li>\n<li>la r\u00e9duction de la pauvret\u00e9 rurale ;<\/li>\n<li>la modernisation de l\u2019Agriculture familiale et le d\u00e9veloppement de l\u2019agro-industrie;<\/li>\n<li>la protection de l\u2019environnement et la gestion durable des ressources naturelles;<\/li>\n<li>l\u2019augmentation de la contribution du secteur rural \u00e0 la croissance \u00e9conomique;<\/li>\n<li>l\u2019am\u00e9nagement Agricole \u00e9quilibr\u00e9 et coh\u00e9rent du territoire.<\/li>\n<\/ol>\n<p>Plus sp\u00e9cifiquement, elle vise la r\u00e9alisation des objectifs suivants :<\/p>\n<ul>\n<li>la cr\u00e9ation d\u2019emplois et la r\u00e9duction de l\u2019exode rural ;<\/li>\n<li>l\u2019am\u00e9lioration du cadre et des conditions de vie en milieu rural ;<\/li>\n<li>l\u2019augmentation de la production et de la productivit\u00e9 Agricoles ;<\/li>\n<li>l\u2019am\u00e9lioration des revenus des producteurs ;<\/li>\n<li>l\u2019augmentation de la couverture foresti\u00e8re et herbac\u00e9e ;<\/li>\n<li>la restauration et\/ou la pr\u00e9servation de la biodiversit\u00e9 ;<\/li>\n<li>la ma\u00eetrise et la mobilisation des ressources en eau de surface et souterraine ;<\/li>\n<li>la protection sociale des exploitants et du personnel Agricoles ;<\/li>\n<li>la protection des exploitations Agricoles contre les risques Agricoles ;<\/li>\n<li>la protection des exploitations et productions Agricoles contre les pratiques non soutenables ou contraires aux r\u00e8gles des march\u00e9s nationaux, sous-r\u00e9gionaux et internationaux ;<\/li>\n<li>la structuration de la profession Agricole ;<\/li>\n<li>l\u2019am\u00e9lioration de la qualit\u00e9 des produits Agricoles ;<\/li>\n<li>la production de produits exportables et la conqu\u00eate de march\u00e9s \u00e9trangers ;<\/li>\n<li>l\u2019utilisation de l\u2019espace rural \u00e0 des fins Agricoles en harmonie avec les autres usages.<\/li>\n<\/ul>\n<p>CLIQUE POUR TELECHARGER LA POLITIQUE DE DEVELOPPEMENT AGRICOLE<\/p>\n<p>&nbsp;<\/p>\n","protected":false},"excerpt":{"rendered":"<h2 style=\"text-align: center;\">vision<\/h2>\n<p>Le pilotage et la gestion du secteur Agricole dans le contexte actuel sont assur\u00e9s au moyen de plus de 25 documents de politiques et strat\u00e9gies sous sectorielles et de plusieurs autres strat\u00e9gies sectorielles (sant\u00e9, \u00e9ducation, etc.). Cette diversit\u00e9 d\u2019instruments et le besoin de coh\u00e9rence dans la conduite des politiques publiques militent en faveur d\u2019une approche int\u00e9gr\u00e9e,<\/p>\n","protected":false},"author":2,"featured_media":0,"parent":0,"menu_order":0,"comment_status":"closed","ping_status":"closed","template":"","meta":{"_monsterinsights_skip_tracking":false,"_monsterinsights_sitenote_active":false,"_monsterinsights_sitenote_note":"","_monsterinsights_sitenote_category":0,"footnotes":""},"class_list":["post-9340","page","type-page","status-publish","hentry"],"aioseo_notices":[],"_links":{"self":[{"href":"https:\/\/mpfef.gouv.ml\/index.php\/wp-json\/wp\/v2\/pages\/9340","targetHints":{"allow":["GET"]}}],"collection":[{"href":"https:\/\/mpfef.gouv.ml\/index.php\/wp-json\/wp\/v2\/pages"}],"about":[{"href":"https:\/\/mpfef.gouv.ml\/index.php\/wp-json\/wp\/v2\/types\/page"}],"author":[{"embeddable":true,"href":"https:\/\/mpfef.gouv.ml\/index.php\/wp-json\/wp\/v2\/users\/2"}],"replies":[{"embeddable":true,"href":"https:\/\/mpfef.gouv.ml\/index.php\/wp-json\/wp\/v2\/comments?post=9340"}],"version-history":[{"count":3,"href":"https:\/\/mpfef.gouv.ml\/index.php\/wp-json\/wp\/v2\/pages\/9340\/revisions"}],"predecessor-version":[{"id":9524,"href":"https:\/\/mpfef.gouv.ml\/index.php\/wp-json\/wp\/v2\/pages\/9340\/revisions\/9524"}],"wp:attachment":[{"href":"https:\/\/mpfef.gouv.ml\/index.php\/wp-json\/wp\/v2\/media?parent=9340"}],"curies":[{"name":"wp","href":"https:\/\/api.w.org\/{rel}","templated":true}]}}