{"id":9466,"date":"2017-08-24T17:39:10","date_gmt":"2017-08-24T15:39:10","guid":{"rendered":"http:\/\/172.16.1.100\/mpfef?page_id=9466"},"modified":"2017-08-24T17:40:17","modified_gmt":"2017-08-24T15:40:17","slug":"securite-alimentaire","status":"publish","type":"page","link":"https:\/\/mpfef.gouv.ml\/index.php\/securite-alimentaire\/","title":{"rendered":"S\u00e9curit\u00e9 Alimentaire"},"content":{"rendered":"<p><strong>PR\u00c9SENTATION\u00a0\u00a0\u00a0\u00a0\u00a0\u00a0\u00a0\u00a0\u00a0\u00a0\u00a0\u00a0\u00a0\u00a0\u00a0\u00a0\u00a0\u00a0\u00a0\u00a0\u00a0\u00a0\u00a0\u00a0\u00a0\u00a0\u00a0\u00a0\u00a0\u00a0\u00a0\u00a0\u00a0\u00a0\u00a0\u00a0\u00a0\u00a0\u00a0\u00a0\u00a0\u00a0\u00a0\u00a0\u00a0\u00a0\u00a0\u00a0\u00a0\u00a0\u00a0\u00a0\u00a0\u00a0\u00a0\u00a0\u00a0\u00a0<\/strong><\/p>\n<p>Le<strong>\u00a0d\u00e9cret N\u00b007-231\/P-RM du 18 juillet 2007,<\/strong>\u00a0fixant le cadre institutionnel de gestion de la s\u00e9curit\u00e9 alimentaire a \u00e9tabli les deux dimensions de la s\u00e9curit\u00e9 alimentaire au Mali qui sont\u00a0:<\/p>\n<p>&#8211;\u00a0\u00a0\u00a0\u00a0\u00a0\u00a0\u00a0\u00a0\u00a0\u00a0Une dimension conjoncturelle essentiellement g\u00e9r\u00e9e par le programme de restructuration du march\u00e9 c\u00e9r\u00e9alier PRMC qui est charg\u00e9 de mettre en \u0153uvre les actions d\u2019urgence de pr\u00e9vention et de gestion des crises alimentaires, selon les recommandations du syst\u00e8me d\u2019Alerte Pr\u00e9coce, valid\u00e9es par le Comit\u00e9 de coordination et de suivi des programmes de s\u00e9curit\u00e9 alimentaire regroupant le Mali et les partenaires du PRMC.<\/p>\n<p>&#8211;\u00a0\u00a0\u00a0\u00a0\u00a0\u00a0\u00a0\u00a0\u00a0\u00a0Une dimension structurelle essentiellement g\u00e9r\u00e9e par le Programme Nationale de S\u00e9curit\u00e9 Alimentaire PNSA, qui a pour mission de contribuer \u00e0 vaincre la faim et garantir la s\u00e9curit\u00e9 alimentaire sur le territoire nationale et prioritairement dans les communes structurellement d\u00e9ficitaires en produits agricoles et agroalimentaires \u00e0 travers des actions durables. Plus sp\u00e9cifiquement, le Commissariat \u00e0 la S\u00e9curit\u00e9 Alimentaire, cr\u00e9e en mai 2004 a pour mission de proposer, pr\u00e9parer et mettre en \u0153uvre en rapport avec les d\u00e9partements minist\u00e9riels concern\u00e9s, les mesures visant \u00e0 assurer une pleine couverture des besoins alimentaires du pays.<\/p>\n<p><a href=\"http:\/\/csa.gouv.ml\/\" target=\"_blank\" rel=\"noopener\">Site officiel du Commissariat \u00e0 la S\u00e9curit\u00e9 Alimentaire&#8230;<\/a><\/p>\n<p><a href=\"http:\/\/www.mep.gouv.ml\/images\/IMPORTATION%20ET%20EXPORTATION%20ALIMENTAIRE.pdf\" target=\"_blank\" rel=\"noopener\">Importation et exportation alimentaire<\/a><\/p>\n","protected":false},"excerpt":{"rendered":"<p>PR\u00c9SENTATION\u00a0\u00a0\u00a0\u00a0\u00a0\u00a0\u00a0\u00a0\u00a0\u00a0\u00a0\u00a0\u00a0\u00a0\u00a0\u00a0\u00a0\u00a0\u00a0\u00a0\u00a0\u00a0\u00a0\u00a0\u00a0\u00a0\u00a0\u00a0\u00a0\u00a0\u00a0\u00a0\u00a0\u00a0\u00a0\u00a0\u00a0\u00a0\u00a0\u00a0\u00a0\u00a0\u00a0\u00a0\u00a0\u00a0\u00a0\u00a0\u00a0\u00a0\u00a0\u00a0\u00a0\u00a0\u00a0\u00a0\u00a0\u00a0<\/p>\n<p>Le\u00a0d\u00e9cret N\u00b007-231\/P-RM du 18 juillet 2007,\u00a0fixant le cadre institutionnel de gestion de la s\u00e9curit\u00e9 alimentaire a \u00e9tabli les deux dimensions de la s\u00e9curit\u00e9 alimentaire au Mali qui sont\u00a0:<\/p>\n<p>&#8211;\u00a0\u00a0\u00a0\u00a0\u00a0\u00a0\u00a0\u00a0\u00a0\u00a0Une dimension conjoncturelle essentiellement g\u00e9r\u00e9e par le programme de restructuration du march\u00e9 c\u00e9r\u00e9alier PRMC qui est charg\u00e9 de mettre en \u0153uvre les actions d\u2019urgence de pr\u00e9vention et de gestion des crises alimentaires,<\/p>\n","protected":false},"author":2,"featured_media":0,"parent":0,"menu_order":0,"comment_status":"closed","ping_status":"closed","template":"","meta":{"_monsterinsights_skip_tracking":false,"_monsterinsights_sitenote_active":false,"_monsterinsights_sitenote_note":"","_monsterinsights_sitenote_category":0,"footnotes":""},"class_list":["post-9466","page","type-page","status-publish","hentry"],"aioseo_notices":[],"_links":{"self":[{"href":"https:\/\/mpfef.gouv.ml\/index.php\/wp-json\/wp\/v2\/pages\/9466","targetHints":{"allow":["GET"]}}],"collection":[{"href":"https:\/\/mpfef.gouv.ml\/index.php\/wp-json\/wp\/v2\/pages"}],"about":[{"href":"https:\/\/mpfef.gouv.ml\/index.php\/wp-json\/wp\/v2\/types\/page"}],"author":[{"embeddable":true,"href":"https:\/\/mpfef.gouv.ml\/index.php\/wp-json\/wp\/v2\/users\/2"}],"replies":[{"embeddable":true,"href":"https:\/\/mpfef.gouv.ml\/index.php\/wp-json\/wp\/v2\/comments?post=9466"}],"version-history":[{"count":1,"href":"https:\/\/mpfef.gouv.ml\/index.php\/wp-json\/wp\/v2\/pages\/9466\/revisions"}],"predecessor-version":[{"id":9467,"href":"https:\/\/mpfef.gouv.ml\/index.php\/wp-json\/wp\/v2\/pages\/9466\/revisions\/9467"}],"wp:attachment":[{"href":"https:\/\/mpfef.gouv.ml\/index.php\/wp-json\/wp\/v2\/media?parent=9466"}],"curies":[{"name":"wp","href":"https:\/\/api.w.org\/{rel}","templated":true}]}}